{"id":372,"date":"2009-10-27T00:50:00","date_gmt":"2009-10-26T22:50:00","guid":{"rendered":"\/?page_id=372"},"modified":"2021-09-17T16:56:56","modified_gmt":"2021-09-17T14:56:56","slug":"rd-conseil","status":"publish","type":"page","link":"https:\/\/renouveau-democratie.eu\/fr\/a-propos-2\/rd-conseil\/","title":{"rendered":"R&#038;D Conseil"},"content":{"rendered":"<table id=\"AutoNumber1\" style=\"font-family: 'arial narrow'; text-align: justify; border-collapse: collapse;\" border=\"0\" cellspacing=\"5\" cellpadding=\"0\" align=\"center\">\n<tbody>\n<tr>\n<td colspan=\"3\"><strong><span style=\"font-family: 'Arial Narrow';\"><span style=\"color: #339900;\">R<span style=\"color: #ff0000;\">&amp;<\/span>D<\/span> Conseil<\/span><\/strong><\/td>\n<\/tr>\n<tr>\n<td><\/td>\n<td><strong>Pr\u00e9sident <\/strong><br \/>\nCarlos LECHADO<\/td>\n<td><img loading=\"lazy\" decoding=\"async\" src=\"\/images\/usuels\/telephone1.gif\" alt=\"\" width=\"18\" height=\"16\" \/> +32 02281 8160<br \/>\n<span style=\"font-family: 'Arial Narrow';\"><span style=\"font-family: 'Arial Narrow';\"><span style=\"font-family: 'Arial Narrow';\">Email<\/span><\/span><\/span>:\u00a0<a href=\"mailto:RD@consilium.europa.eu\">RD@consilium.europa.eu<\/a><\/td>\n<\/tr>\n<tr>\n<td height=\"38\"><\/td>\n<td><strong>Tr\u00e9sorier<\/strong><br \/>\nMarcos QUENON<\/td>\n<td><img loading=\"lazy\" decoding=\"async\" src=\"\/images\/usuels\/telephone1.gif\" alt=\"\" width=\"18\" height=\"16\" \/> +32 02281 9818<\/td>\n<\/tr>\n<tr>\n<td height=\"45\"><\/td>\n<td><strong>Secr\u00e9taire Politique<\/strong><br \/>\nC\u00e9lia COSTA E SILVA<\/td>\n<td><img loading=\"lazy\" decoding=\"async\" src=\"\/images\/usuels\/telephone1.gif\" alt=\"\" width=\"18\" height=\"16\" \/> +32 02281 7156<\/td>\n<\/tr>\n<tr>\n<td height=\"48\"><\/td>\n<td><\/td>\n<td><\/td>\n<\/tr>\n<tr>\n<td width=\"50\" height=\"50\"><\/td>\n<td width=\"153\"><\/td>\n<td width=\"286\"><\/td>\n<\/tr>\n<\/tbody>\n<\/table>\n","protected":false},"excerpt":{"rendered":"<p>R&amp;D Conseil Pr\u00e9sident Carlos LECHADO +32 02281 8160 Email:\u00a0RD@consilium.europa.eu Tr\u00e9sorier Marcos QUENON +32 02281 9818 Secr\u00e9taire Politique C\u00e9lia COSTA E SILVA +32 02281 7156<\/p>\n","protected":false},"author":3,"featured_media":0,"parent":2,"menu_order":0,"comment_status":"closed","ping_status":"closed","template":"","meta":{"footnotes":""},"_links":{"self":[{"href":"https:\/\/renouveau-democratie.eu\/fr\/wp-json\/wp\/v2\/pages\/372"}],"collection":[{"href":"https:\/\/renouveau-democratie.eu\/fr\/wp-json\/wp\/v2\/pages"}],"about":[{"href":"https:\/\/renouveau-democratie.eu\/fr\/wp-json\/wp\/v2\/types\/page"}],"author":[{"embeddable":true,"href":"https:\/\/renouveau-democratie.eu\/fr\/wp-json\/wp\/v2\/users\/3"}],"replies":[{"embeddable":true,"href":"https:\/\/renouveau-democratie.eu\/fr\/wp-json\/wp\/v2\/comments?post=372"}],"version-history":[{"count":1,"href":"https:\/\/renouveau-democratie.eu\/fr\/wp-json\/wp\/v2\/pages\/372\/revisions"}],"predecessor-version":[{"id":23969,"href":"https:\/\/renouveau-democratie.eu\/fr\/wp-json\/wp\/v2\/pages\/372\/revisions\/23969"}],"up":[{"embeddable":true,"href":"https:\/\/renouveau-democratie.eu\/fr\/wp-json\/wp\/v2\/pages\/2"}],"wp:attachment":[{"href":"https:\/\/renouveau-democratie.eu\/fr\/wp-json\/wp\/v2\/media?parent=372"}],"curies":[{"name":"wp","href":"https:\/\/api.w.org\/{rel}","templated":true}]}}