{"id":20291,"date":"2020-09-08T14:19:33","date_gmt":"2020-09-08T12:19:33","guid":{"rendered":"\/?page_id=20291"},"modified":"2023-09-18T10:18:14","modified_gmt":"2023-09-18T08:18:14","slug":"hauts-fonctionnaires","status":"publish","type":"page","link":"https:\/\/renouveau-democratie.eu\/fr\/hauts-fonctionnaires\/","title":{"rendered":"Nomination du Secr\u00e9taire g\u00e9n\u00e9ral de la Commission europ\u00e9enne"},"content":{"rendered":"\n<figure class=\"wp-block-pullquote has-text-align-left is-style-solid-color has-vivid-red-color has-text-color\"><blockquote><p>Nomination du Secr\u00e9taire g\u00e9n\u00e9ral de la Commission europ\u00e9enne<\/p><\/blockquote><\/figure>\n\n\n\n<div style=\"height:20px\" aria-hidden=\"true\" class=\"wp-block-spacer\"><\/div>\n\n\n\n<p class=\"has-medium-font-size\"><strong>Notes<\/strong><\/p>\n\n\n\n<figure class=\"wp-block-table\"><table><tbody><tr><td>15\/04\/19<\/td><td>R\u00e9forme des proc\u00e9dures de nomination des postes d\u2019encadrement sup\u00e9rieur au sein des institutions europ\u00e9enne&nbsp;<\/td><td><a href=\"\/fr\/2019\/04\/reforme-des-procedures-de-nomination-des-postes-dencadrement-superieur-au-sein-des-institutions-europeenne\/\" target=\"_blank\" rel=\"noreferrer noopener\">lire<\/a><\/td><\/tr><tr><td>22\/02\/19<\/td><td>Note \u00e0 l\u2019attention de Monsieur G\u00fcnther Oettinger, Commissaire en charge du Budget et des Ressources humaines<\/td><td><a href=\"https:\/\/renouveau-democratie.eu\/fr\/2019\/02\/note-a-lattention-de-monsieur-gunther-oettinger-commissaire-en-charge-du-budget-et-des-ressources-humaines\/\" target=\"_blank\" rel=\"noreferrer noopener\">lire<\/a><\/td><\/tr><tr><td>26\/04\/18<\/td><td>BREAKING NEWS R\u00e9solution du Parlement europ\u00e9en concernant la nomination du nouveau Secr\u00e9taire g\u00e9n\u00e9ral<\/td><td><a href=\"\/fr\/2018\/04\/breaking-news-resolution-du-parlement-europeen-concernant-la-nomination-du-nouveau-secretaire-general\/\" target=\"_blank\" rel=\"noreferrer noopener\">lire<\/a><\/td><\/tr><tr><td>23\/03\/18<\/td><td>Note \u00e0 l\u2019attention de M. G\u00fcnther Oettinger, Commissaire en charge du Budget et des Ressources Humaines &#8211; Votre r\u00e9ponse du 9 mars dernier<\/td><td><a href=\"\/fr\/2018\/03\/16592\/\">lire<\/a><\/td><\/tr><tr><td>09\/03\/18<\/td><td>R\u00e9ponse de M. G\u00fcnther Oettinger, Commissaire en charge du Budget et des Ressources Humaines, \u00e0 M. Cristiano Sebastiani, Pr\u00e9sident de R&amp;D<\/td><td><a href=\"\/wp-content\/uploads\/2018\/03\/R%C3%A9ponse-de-M.-Oettinger-%C3%A0-M.-Sebastiani.pdf\">l<\/a><a href=\"\/wp-content\/uploads\/2018\/03\/R%C3%A9ponse-de-M.-Oettinger-%C3%A0-M.-Sebastiani.pdf\">i<\/a><a href=\"\/wp-content\/uploads\/2018\/03\/R%C3%A9ponse-de-M.-Oettinger-%C3%A0-M.-Sebastiani.pdf\">re<\/a><\/td><\/tr><tr><td>28\/02\/18<\/td><td>Note \u00e0 l\u2019attention de M. G\u00fcnther OETTINGER, Commissaire en charge du Budget et des Ressources humaines &#8211;  D\u00e9cisions&nbsp;du coll\u00e8ge du 21 f\u00e9vrier concernant l\u2019encadrement sup\u00e9rieur de notre institution <\/td><td><a href=\"\/fr\/2018\/02\/decisions-du-college-du-21-fevrier-concernant-lencadrement-superieur-de-notre-institution\/\">lire<\/a><\/td><\/tr><tr><td>11\/07\/17<\/td><td>Note \u00e0 l\u2019attention de M. G\u00fcnther Oettinger, Commissaire en charge du Budget et des Ressources Humaines &#8211; Deux poids et deux mesures, suppression et gel des postes dans les services\u2026<\/td><td><a href=\"\/fr\/2017\/07\/16257\/\">lire<\/a><\/td><\/tr><\/tbody><\/table><\/figure>\n\n\n\n<div style=\"height:89px\" aria-hidden=\"true\" class=\"wp-block-spacer\"><\/div>\n","protected":false},"excerpt":{"rendered":"<p>Nomination du Secr\u00e9taire g\u00e9n\u00e9ral de la Commission europ\u00e9enne Notes 15\/04\/19 R\u00e9forme des proc\u00e9dures de nomination des postes d\u2019encadrement sup\u00e9rieur au sein des institutions europ\u00e9enne&nbsp; lire 22\/02\/19 Note \u00e0 l\u2019attention de Monsieur G\u00fcnther Oettinger, Commissaire en charge du Budget et des Ressources humaines lire 26\/04\/18 BREAKING NEWS R\u00e9solution du Parlement europ\u00e9en concernant la nomination du nouveau [&hellip;]<\/p>\n","protected":false},"author":19,"featured_media":21302,"parent":0,"menu_order":0,"comment_status":"closed","ping_status":"closed","template":"","meta":{"footnotes":""},"_links":{"self":[{"href":"https:\/\/renouveau-democratie.eu\/fr\/wp-json\/wp\/v2\/pages\/20291"}],"collection":[{"href":"https:\/\/renouveau-democratie.eu\/fr\/wp-json\/wp\/v2\/pages"}],"about":[{"href":"https:\/\/renouveau-democratie.eu\/fr\/wp-json\/wp\/v2\/types\/page"}],"author":[{"embeddable":true,"href":"https:\/\/renouveau-democratie.eu\/fr\/wp-json\/wp\/v2\/users\/19"}],"replies":[{"embeddable":true,"href":"https:\/\/renouveau-democratie.eu\/fr\/wp-json\/wp\/v2\/comments?post=20291"}],"version-history":[{"count":22,"href":"https:\/\/renouveau-democratie.eu\/fr\/wp-json\/wp\/v2\/pages\/20291\/revisions"}],"predecessor-version":[{"id":27299,"href":"https:\/\/renouveau-democratie.eu\/fr\/wp-json\/wp\/v2\/pages\/20291\/revisions\/27299"}],"wp:featuredmedia":[{"embeddable":true,"href":"https:\/\/renouveau-democratie.eu\/fr\/wp-json\/wp\/v2\/media\/21302"}],"wp:attachment":[{"href":"https:\/\/renouveau-democratie.eu\/fr\/wp-json\/wp\/v2\/media?parent=20291"}],"curies":[{"name":"wp","href":"https:\/\/api.w.org\/{rel}","templated":true}]}}