{"id":19695,"date":"2020-07-28T15:50:00","date_gmt":"2020-07-28T13:50:00","guid":{"rendered":"\/?page_id=19695"},"modified":"2020-08-31T13:16:41","modified_gmt":"2020-08-31T11:16:41","slug":"bilan-de-nos-actions-2015-2018","status":"publish","type":"page","link":"https:\/\/renouveau-democratie.eu\/fr\/bilan-de-nos-actions-2015-2018\/","title":{"rendered":"Bilan de nos actions 2015-2018"},"content":{"rendered":"\n<p><\/p>\n\n\n\n<p><strong><em>En 2015, lors des derni\u00e8res \u00e9lections nous nous sommes\nengag\u00e9s aupr\u00e8s de vous pour d\u00e9fendre les priorit\u00e9s reprises dans le programme\n(lien) &#8230;<\/em><\/strong><\/p>\n\n\n\n<p>C\u2019est ensemble que tout au long de ces trois derni\u00e8res ann\u00e9es, nous avons pu mener des actions syndicales et solidaires, et obtenir des avanc\u00e9es concr\u00e8tes que nous sommes honor\u00e9s de vous pr\u00e9senter.<\/p>\n\n\n\n<h2 class=\"has-text-color has-text-align-center wp-block-heading\" style=\"color:#17a13a\">3 ans en 3 minutes<\/h2>\n\n\n\n<figure class=\"wp-block-embed-youtube wp-block-embed is-type-video is-provider-youtube wp-embed-aspect-16-9 wp-has-aspect-ratio\"><div class=\"wp-block-embed__wrapper\">\n<iframe loading=\"lazy\" title=\"Bilan 2015-2018 de Renouveau &amp; D\u00e9mocratie\" width=\"768\" height=\"432\" src=\"https:\/\/www.youtube.com\/embed\/BioU1D68_cA?feature=oembed\" frameborder=\"0\" allow=\"accelerometer; autoplay; encrypted-media; gyroscope; picture-in-picture\" allowfullscreen><\/iframe>\n<\/div><\/figure>\n\n\n\n<p class=\"has-text-color has-vivid-red-color\"><strong>Des avanc\u00e9es notoires mais beaucoup reste \u00e0 faire<\/strong>&#8230; <strong>Pour que la Commission devienne un employeur moderne et que l\u2019Union europ\u00e9enne retrouve les valeurs des p\u00e8res fondateurs<\/strong><\/p>\n\n\n\n<p class=\"has-text-color has-vivid-red-color\"><strong><em>La Solidarit\u00e9, une valeur europ\u00e9enne commune \u00e0 <\/em><\/strong><a><strong><em>R<\/em><\/strong><\/a><strong><em>&amp;<\/em><\/strong><strong><em>D<\/em><\/strong><\/p>\n\n\n\n<p>Le 9 mai 1950, la d\u00e9claration Schuman inscrit la Solidarit\u00e9 au c\u0153ur du projet europ\u00e9en. Une des valeurs que vous partagez au quotidien \u00e9galement inscrite dans l&rsquo;ADN de <strong>Renouveau &amp; D\u00e9mocratie.<\/strong><\/p>\n\n\n\n<p>L\u2019instauration de la Paix et de la Libert\u00e9 des peuples de l\u2019Union europ\u00e9enne refl\u00e8te le fruit de 70 ans de votre travail.<\/p>\n\n\n\n<p>Malheureusement, face \u00e0 la crise actuelle que traverse le projet europ\u00e9en soumis \u00e0 des attaques multiples de toutes parts, nous devons rappeler avec force et fiert\u00e9 les valeurs fondatrices de l\u2019Union europ\u00e9enne que nous d\u00e9fendons : <\/p>\n\n\n\n<ul><li>le respect de la dignit\u00e9 humaine, <\/li><li>la libert\u00e9,<\/li><li>la d\u00e9mocratie,<\/li><li>l\u2019\u00e9galit\u00e9, <\/li><li>l\u2019\u00e9tat de droit, <\/li><li>le respect des principes repris dans la Charte europ\u00e9enne des droits fondamentaux\u2026.<\/li><\/ul>\n\n\n\n<p>Telles sont les valeurs que nous avons choisies avec enthousiasme de servir en d\u00e9cidant de mettre nos \u00e9nergies et nos talents au service de notre institution et des citoyens europ\u00e9ens. &nbsp;<\/p>\n\n\n\n<p>Toutefois, comme la Commission le rappelle \u00e0 tr\u00e8s juste titre, pour surmonter les attaques malveillantes, pour d\u00e9fendre et promouvoir ces valeurs, il faut commencer par les respecter soi-m\u00eame<a href=\"#_ftn1\"><strong>[1]<\/strong><\/a>. <\/p>\n\n\n\n<p>Et, c\u2019est justement ce que <strong>R&amp;D <\/strong>a demand\u00e9 tout au long de ces trois derni\u00e8res ann\u00e9es, sans cesse, \u00e0 notre institution et \u00e0 son administration\u2026<\/p>\n\n\n\n<p class=\"has-text-color has-vivid-red-color\"><strong><em>Un personnel engag\u00e9\u2026\nUne politique du personnel quasi inexistante&nbsp;!<\/em><\/strong><\/p>\n\n\n\n<p>Aujourd\u2019hui, nous sommes plus de 40.000 coll\u00e8gues \u00e0 servir au quotidien plus de 500 millions de citoyens et leur int\u00e9r\u00eat g\u00e9n\u00e9ral en mettant en \u0153uvre avec ardeur et loyaut\u00e9 des politiques pour l\u2019avenir de l\u2019Europe.<\/p>\n\n\n\n<p>Sans votre engagement et votre pr\u00e9sence, et en d\u00e9pit des restrictions budg\u00e9taires et de l\u2019accroissement de votre charge de travail, l\u2019Union europ\u00e9enne n\u2019aurait su r\u00e9pondre aux urgences des diff\u00e9rents contextes. <\/p>\n\n\n\n<p>En effet, 94% d\u2019entre vous<a href=\"#_ftn2\"><strong>[1]<\/strong><\/a> ont affirm\u00e9 \u00eatre dispos\u00e9s \u00e0 fournir un effort suppl\u00e9mentaire lorsque cela s&rsquo;av\u00e8re n\u00e9cessaire.<\/p>\n\n\n\n<p>Or, votre engagement sans faille n\u2019a \u00e9t\u00e9 accompagn\u00e9 ni d\u2019un \u00e9cho similaire dans l\u2019action politique de la Commission ni d\u2019une gestion digne d\u2019une v\u00e9ritable politique du personnel. &nbsp;&nbsp;&nbsp;&nbsp;<\/p>\n\n\n\n<p>Bien au contraire, les politiques du personnel cens\u00e9es r\u00e9pondre aux attentes de chacune et chacun d\u2019entre nous ont souvent cr\u00e9\u00e9 des in\u00e9galit\u00e9s, des frustrations, des mises en cong\u00e9 d\u2019office, des politiques immobili\u00e8res inappropri\u00e9es\u2026 toutes sources de risques psychosociaux&nbsp;!<\/p>\n\n\n\n<p>La diversit\u00e9 du personnel de notre institution est une richesse inestimable de par ses diff\u00e9rentes cultures, du savoir-faire de son personnel en poste depuis de nombreuses ann\u00e9es, de l\u2019expertise des diff\u00e9rents corps de m\u00e9tiers, des jeunes coll\u00e8gues souhaitant contribuer \u00e0 ce magnifique projet\u2026 ainsi que des coll\u00e8gues handicap\u00e9s qui ont choisi de participer \u00e0 la construction du projet europ\u00e9en.<\/p>\n\n\n\n<p>Cependant, ces qualit\u00e9s humaines et professionnelles ne trouvent pas de places l\u00e9gitimes au sein des politiques du personnel&nbsp;!<\/p>\n\n\n\n<p class=\"has-text-color has-vivid-red-color\"><strong><em>Une administration digne d\u2019un employeur moderne ou une machine \u00e0 slogans\nvides ?<\/em><\/strong><\/p>\n\n\n\n<p>Qui plus est, le personnel a d\u00fb subir une d\u00e9gradation profonde des conditions de travail, notamment en raison de la surcharge de travail d\u00e9coulant de la suppression de 5% de postes, soit 1254 postes en majorit\u00e9 AST, impos\u00e9es aveuglement et sans v\u00e9ritable analyse des besoins, de r\u00e9organisations irr\u00e9fl\u00e9chies et d\u00e9cid\u00e9es sans la moindre consultation pr\u00e9alable, de l\u2019absence de toute possibilit\u00e9 de mobilit\u00e9 et de v\u00e9ritable \u00e9volution de carri\u00e8re\u2026, \u00e0 savoir autant de facteurs de risques psychosociaux.<\/p>\n\n\n\n<p>Afin de pallier ces pertes cons\u00e9quentes, les programmes \u00ab&nbsp;<strong>Talent management<\/strong>&nbsp;\u00bb et \u00ab&nbsp;<strong>fit@work<\/strong>&nbsp;\u00bb&nbsp; ont \u00e9t\u00e9 lanc\u00e9s sans vraiment susciter l\u2019adh\u00e9sion de l\u2019ensemble du personnel. <\/p>\n\n\n\n<p>Bien au contraire, les coll\u00e8gues se sont sentis mis devant le fait accompli, sans consultation pr\u00e9alable, estimant que ces programmes \u00e9taient avant tout des op\u00e9rations de marketing et ne r\u00e9pondaient vraiment pas \u00e0 leurs pr\u00e9occupations quotidiennes. <\/p>\n\n\n\n<p>D\u2019ailleurs cette perception se fait ressentir en \u00e9tudiant les r\u00e9sultats du dernier \u00ab&nbsp;Staff Survey&nbsp;\u00bb. <\/p>\n\n\n\n<p>D\u2019autant plus qu\u2019un \u00e9cart croissant s\u2019est creus\u00e9 entre le Senior Management et son personnel. <\/p>\n\n\n\n<p class=\"has-text-color has-vivid-red-color\"><strong><em>Ethique et\nint\u00e9grit\u00e9&nbsp;: affaires Barroso-Kroes, parachutages, art.42 quater, \u00ab&nbsp;Junior\nProfessional&nbsp;Programme\u00bb, tentatives de d\u00e9mant\u00e8lement du Service Juridique\net de la DGT\u2026 bref trop de mauvais exemples&nbsp;de mauvaise gestion! <\/em><\/strong><\/p>\n\n\n\n<p class=\"has-text-color has-very-dark-gray-color\"><strong><em>Une confiance mise \u00e0 mal<\/em><\/strong><\/p>\n\n\n\n<p>Tel que confirm\u00e9 par le Pr\u00e9sident Juncker lors de sa prise de fonctions&nbsp;: la mission de la \u201cCommission de la derni\u00e8re chance\u201d \u00e9tait avant tout celle de <a>\u201creconqu\u00e9rir la confiance des citoyens\u201d.<\/a> <\/p>\n\n\n\n<p>Tout au contraire, les affaires \u00ab&nbsp;Barroso-Kroes&nbsp;\u00bb ainsi qu\u2019une panoplie de \u00ab&nbsp;parachutages&nbsp;\u00bb m\u00eame au plus haut niveau de notre administration ont \u00e9t\u00e9 tr\u00e8s largement relay\u00e9es par les m\u00e9dias et ont suscit\u00e9 des r\u00e9actions tr\u00e8s vives de l\u2019opinion publique et de la presse, impos\u00e9 l\u2019intervention de la M\u00e9diatrice europ\u00e9enne et provoqu\u00e9 de v\u00e9ritables crises politiques avec le Parlement europ\u00e9en. <\/p>\n\n\n\n<p>Loin de contribuer \u00e0 \u201creconqu\u00e9rir la confiance des citoyens\u201d, ces affaires ont terni l\u2019image et les valeurs de notre fonction publique, mis en cause la cr\u00e9dibilit\u00e9 des proc\u00e9dures de nomination et mis en doute la capacit\u00e9 voire la volont\u00e9 politique de notre institution \u00e0 s\u2019y opposer.<\/p>\n\n\n\n<p>Face \u00e0 ces errements, <strong>R&amp;D <\/strong>a toujours \u00e9t\u00e9 le premier syndicat et sur certains points le seul qui a men\u00e9 de front le combat pour r\u00e9tablir la v\u00e9rit\u00e9 et d\u00e9fendre l\u2019honorabilit\u00e9, l\u2019\u00e9thique et l\u2019int\u00e9grit\u00e9 de notre personnel. <\/p>\n\n\n\n<p><strong><em>Les principes de bases de la fonction publique\nentach\u00e9s <\/em><\/strong><\/p>\n\n\n\n<p>De m\u00eame, alors que la \u00ab&nbsp;Commission de la derni\u00e8re chance&nbsp;\u00bb se devait d\u2019imposer un nouvel \u00e9lan aussi en ce qui concerne une meilleure organisation et gestion de ses services, le personnel a assist\u00e9 \u00e0 la perte de vitesse progressive et \u00e0 l\u2019opacit\u00e9 croissante de l\u2019action de notre administration qui a sembl\u00e9 graduellement perdre de vue les principes de base de notre fonction publique. <\/p>\n\n\n\n<p>Il suffit \u00e0 cet \u00e9gard de citer&nbsp;: <\/p>\n\n\n\n<ul><li>la tentative de mise \u00e0 la retraite forc\u00e9e des coll\u00e8gues les plus exp\u00e9riment\u00e9s par le recours abusif de l\u2019article 42 quater du statut que <strong>R&amp;D <\/strong>est arriv\u00e9 \u00e0 bloquer jusque-l\u00e0 par notre recours en r\u00e9f\u00e9r\u00e9 qui a \u00e9t\u00e9 accept\u00e9 par d\u00e9cision du pr\u00e9sident du Tribunal de la fonction publique, puis confirm\u00e9e par celle du pr\u00e9sident de la Cour de justice qui a rejet\u00e9 le pourvoi de la Commission (cf dossier)<\/li><li>le lancement du programme \u00ab&nbsp;Junior Professionals Programme&nbsp;\u00bb alias \u00ab&nbsp; les copains d\u2019abord&nbsp;\u00bb (cf dossier)<\/li><li>les tentatives de d\u00e9mant\u00e8lement des services essentiels au fonctionnement de notre institution&nbsp;: le Service juridique&nbsp; (cf tract) et la DGT (cf tract) auquel&nbsp; <strong>R&amp;D <\/strong>s\u2019oppose formellement.&nbsp;<\/li><\/ul>\n\n\n\n<p><strong><em>R<\/em><\/strong><strong><em>&amp;<\/em><\/strong><strong><em>D <\/em><\/strong><strong><em>toujours \u00e0 votre \u00e9coute et \u00e0 vos c\u00f4t\u00e9s\u2026<\/em><\/strong><strong><em><\/em><\/strong><\/p>\n\n\n\n<p>Tout au long de ces trois ann\u00e9es nous avons toujours d\u00e9nonc\u00e9 ces d\u00e9rives et toujours pr\u00e9sent\u00e9 des propositions constructives. <\/p>\n\n\n\n<p>Nous avons toujours \u00e9t\u00e9 \u00e0 vos c\u00f4t\u00e9s, fait de notre mieux pour r\u00e9pondre \u00e0 vos appels et vous nous l\u2019avez bien rendu&nbsp;: \u00e0 chaque sollicitation de notre part, vous \u00e9tiez pr\u00e9sents. <\/p>\n\n\n\n<p>Qu\u2019il s\u2019agisse d\u2019actions syndicales et\/ou solidaires, vous \u00e9tiez l\u00e0&nbsp;! De tout c\u0153ur, merci&nbsp;!<\/p>\n\n\n\n<p><strong><em>R<\/em><\/strong><strong><em>&amp;<\/em><\/strong><strong><em>D <\/em><\/strong><strong><em>premier syndicat de la fonction publique europ\u00e9enne<\/em><\/strong><em> <\/em><\/p>\n\n\n\n<p>Par votre confiance et votre soutien ainsi que de la part de nos coll\u00e8gues des autres institutions, vous avez fait de <strong>R&amp;D<\/strong>, la premi\u00e8re force syndicale de la fonction publique europ\u00e9enne.<\/p>\n\n\n\n<p>Ainsi, gr\u00e2ce aux synergies \u00e9tablies au sein de <strong>R&amp;D <\/strong>f\u00e9d\u00e9ral, il a \u00e9t\u00e9 possible d\u2019assurer la prise en compte, dans tous les domaines, des meilleures proc\u00e9dures et pratiques d&rsquo;application du statut au sein des autres institutions en \u00e9vitant que le personnel de la Commission continue \u00e0 \u00eatre syst\u00e9matiquement p\u00e9nalis\u00e9.<\/p>\n\n\n\n<p><strong>MERCI infiniment de votre confiance et de\nvotre soutien&nbsp;!<\/strong><\/p>\n\n\n\n<hr class=\"wp-block-separator\"\/>\n\n\n\n<p><a href=\"#_ftnref2\">[1]<\/a> Staff Survey 2016<\/p>\n","protected":false},"excerpt":{"rendered":"<p>En 2015, lors des derni\u00e8res \u00e9lections nous nous sommes engag\u00e9s aupr\u00e8s de vous pour d\u00e9fendre les priorit\u00e9s reprises dans le programme (lien) &#8230; C\u2019est ensemble que tout au long de ces trois derni\u00e8res ann\u00e9es, nous avons pu mener des actions syndicales et solidaires, et obtenir des avanc\u00e9es concr\u00e8tes que nous sommes honor\u00e9s de vous pr\u00e9senter. [&hellip;]<\/p>\n","protected":false},"author":19,"featured_media":0,"parent":0,"menu_order":0,"comment_status":"closed","ping_status":"closed","template":"","meta":{"footnotes":""},"_links":{"self":[{"href":"https:\/\/renouveau-democratie.eu\/fr\/wp-json\/wp\/v2\/pages\/19695"}],"collection":[{"href":"https:\/\/renouveau-democratie.eu\/fr\/wp-json\/wp\/v2\/pages"}],"about":[{"href":"https:\/\/renouveau-democratie.eu\/fr\/wp-json\/wp\/v2\/types\/page"}],"author":[{"embeddable":true,"href":"https:\/\/renouveau-democratie.eu\/fr\/wp-json\/wp\/v2\/users\/19"}],"replies":[{"embeddable":true,"href":"https:\/\/renouveau-democratie.eu\/fr\/wp-json\/wp\/v2\/comments?post=19695"}],"version-history":[{"count":1,"href":"https:\/\/renouveau-democratie.eu\/fr\/wp-json\/wp\/v2\/pages\/19695\/revisions"}],"predecessor-version":[{"id":19697,"href":"https:\/\/renouveau-democratie.eu\/fr\/wp-json\/wp\/v2\/pages\/19695\/revisions\/19697"}],"wp:attachment":[{"href":"https:\/\/renouveau-democratie.eu\/fr\/wp-json\/wp\/v2\/media?parent=19695"}],"curies":[{"name":"wp","href":"https:\/\/api.w.org\/{rel}","templated":true}]}}