{"id":15004,"date":"2016-10-14T13:30:18","date_gmt":"2016-10-14T11:30:18","guid":{"rendered":"\/open-space\/open-space-2-2\/"},"modified":"2021-09-02T14:31:41","modified_gmt":"2021-09-02T12:31:41","slug":"open-space-2-2","status":"publish","type":"page","link":"https:\/\/renouveau-democratie.eu\/fr\/politique-immobiliere\/open-space-2-2\/","title":{"rendered":"OPEN SPACE"},"content":{"rendered":"\n<h3 class=\"has-text-color wp-block-heading\" style=\"color:#3f9c35\">D\u00e8s 2010 lorsque nous avons eu connaissance de la\npolitique immobili\u00e8re de l\u2019OIB soi-disant \u00ab&nbsp;avant-gardiste&nbsp;\u00bb de\nproposer des <em>open space<\/em>&nbsp; comme\ndes espaces de travail modernes, nous n\u2019avons cess\u00e9 de d\u00e9noncer ce projet.<\/h3>\n\n\n\n<p>Etant donn\u00e9 la\nsensibilit\u00e9 de ce dossier et l\u2019impact de ces nouveaux espaces de travail sur le\nbien-\u00eatre et la sant\u00e9 du personnel (bruit, concentration, fatigue, qualit\u00e9 de\ntravail, probl\u00e8mes relationnels, troubles du sommeil, troubles gastro-intestinaux,\ntroubles cardio-vasculaires\u2026), nous avons d\u00e9cid\u00e9 d\u2019agir en collaboration \u00e9troite\navec le personnel concern\u00e9.<\/p>\n\n\n\n<p>C\u2019est ainsi que nous\navons lanc\u00e9 notre premi\u00e8re consultation aupr\u00e8s du personnel du PMO et ensuite\nde nos coll\u00e8gues de la DG NEAR, \u00e0 leur demande.<\/p>\n\n\n\n<p><strong>Depuis toujours, nous sommes LE syndicat qui agit\napr\u00e8s consultation du personnel et en se basant sur des \u00e9tudes d&rsquo;experts\u2026&nbsp; <\/strong><\/p>\n\n\n\n<p class=\"has-vivid-red-color has-text-color\"><strong>Sur\nce dossier, nous avons&nbsp;:<\/strong><\/p>\n\n\n\n<ul><li>lanc\u00e9\nune enqu\u00eate aupr\u00e8s du personnel du PMO &amp; DG NEAR<\/li><li>analys\u00e9\nles r\u00e9sultats sur base de travaux d&rsquo;experts et de donn\u00e9es scientifiques <\/li><li>d\u00e9nonc\u00e9\nles risques relatifs \u00e0 la sant\u00e9 du personnel et de l\u2019efficience du service<\/li><li>communiqu\u00e9\nsur les projets PMO, DG DIGIT, DG TAXUD, DG NEAR, JRC\u2026<\/li><\/ul>\n\n\n\n<p class=\"has-vivid-red-color has-text-color\"><strong>Les\navanc\u00e9es obtenues\u2026<\/strong><\/p>\n\n\n\n<ul><li>abandon\ndes OPEN SPACE : DG TAXUD, DG NEAR, JRC<\/li><\/ul>\n\n\n\n<p>Nous restons vigilants\net continuerons \u00e0 intervenir.<\/p>\n\n\n\n<p class=\"has-vivid-red-color has-text-color\"><strong>R<\/strong><strong>&amp;<\/strong><strong>D <\/strong><strong>demande&nbsp;: <\/strong><strong>&nbsp;<\/strong><\/p>\n\n\n\n<ul><li>le lancement d\u2019une enqu\u00eate int\u00e9grant l\u2019\u00e9valuation du WIP (index de l\u2019\u00e9valuation de l\u2019espace de travail) pour les services ayant d\u00e9j\u00e0 opt\u00e9 pour l\u2019&nbsp;<em>open space<\/em>, soit 4000 coll\u00e8gues concern\u00e9s<\/li><li>l\u2019int\u00e9gration de l\u2019\u00e9valuation du WIP dans le prochain <em>Staff Survey<\/em><\/li><li>l\u2019instauration d\u2019une politique de vigilance aux premiers signes de risques psychosociaux et de baisse de sant\u00e9 physique des coll\u00e8gues travaillant dans des services ayant opt\u00e9 pour l\u2019<em>open space<\/em>, notamment PMO, OIB, DIGIT<\/li><li>la participation obligatoire \u00e0 une formation sp\u00e9cifique de pr\u00e9vention des risques en <em>open space<\/em> pour les managers des services ayant opt\u00e9 pour cet espace de travail <\/li><li>l\u2019abandon de toute approche visant \u00e0 \u00e9tablir une politique immobili\u00e8re uniquement sur base de rationalisation des espaces et de baisse des d\u00e9penses budg\u00e9taires. A cet \u00e9gard, les pr\u00e9visions de la politique immobili\u00e8re de l\u2019OIB pr\u00e9voyant une restriction d&rsquo;environ 20.000 m2 d&rsquo;espace de travail d\u2019ici 2021 n\u2019est pas r\u00e9aliste et compatible avec le bien-\u00eatre du personnel<\/li><\/ul>\n\n\n\n<div class=\"wp-block-columns is-layout-flex wp-container-core-columns-is-layout-1 wp-block-columns-is-layout-flex\">\n<div class=\"wp-block-column is-layout-flow wp-block-column-is-layout-flow\">\n<h3 class=\"wp-block-heading\">Communication de R&amp;D<\/h3>\n\n\n\n<p><a href=\"\/fr\/2010\/10\/open-space-des-collegues-entassees-dans-les-bureaux\/\">Tract R&amp;D 08 octobre 2010\u2014&nbsp;&nbsp;Open space&nbsp; : des coll\u00e8gues entass\u00e9s dans les bureaux<\/a><\/p>\n\n\n\n<p><a href=\"\/fr\/2014\/12\/projet-de-la-commission-tout-le-monde-en-hot-desk\/\">Tract R&amp;D du 03 d\u00e9cembre 2014 &#8211; Projet de la Commission : tout le monde en \u00ab&nbsp;hot desk&nbsp;\u00bb<\/a><\/p>\n\n\n\n<p><a href=\"\/fr\/2016\/04\/demenagement-du-pmo-vers-csm2-tous-en-open-space\/\">Tract R&amp;D 21 avril 2016 : D\u00e9m\u00e9nagement du PMO vers CSM2. Tous en Open space!<\/a><\/p>\n\n\n\n<p><a href=\"\/?p=12883\">Black Pearl 1: D\u00e9gradation des conditions de travail en vue dans le nouveau b\u00e2timent Black Pearl<\/a><\/p>\n\n\n\n<p><a href=\"\/?p=12883\">Black Pearl 2: R\u00e9el danger pour les passagers du Black Pearl<\/a><\/p>\n\n\n\n<p><a href=\"\/?p=14088\">21 janvier 2016 : Savez-vous que la Commission a l\u2019ambition de faire d\u2019un ancien b\u00e2timent une nouvelle vitrine de l\u2019institution?<\/a><\/p>\n\n\n\n<p><a href=\"\/fr\/2016\/01\/14107\/\">27 janvier 2016: La Commission toujours avec un TGV de retard sur la r\u00e9alit\u00e9: \u00ab&nbsp;The Economist&nbsp;\u00bb confirme la position de R&amp;D sur les cons\u00e9quences n\u00e9fastes des \u00ab&nbsp;Open space&nbsp;\u00bb..<\/a>.<\/p>\n\n\n\n<p><a href=\"\/fr\/2016\/02\/saga-open-space-acte-ii-scene-iii-la-dg-digit-entre-en-scene-sans-consulter-son-personnel\/\">15 f\u00e9vrier 2016: Saga \u00ab&nbsp;Open space&nbsp;\u00bb &#8211; Acte II Sc\u00e8ne III: la DG DIGIT entre en sc\u00e8ne sans consulter son Personnel!<\/a><\/p>\n\n\n\n<p><a href=\"\/?p=14182\">19 f\u00e9vrier 2016 : La Grande \u00ab&nbsp;Nomade&nbsp;\u00bb &#8211; La Commission adopte une nouvelle Politique immobili\u00e8re!<\/a><\/p>\n\n\n\n<p><a href=\"\/fr\/2016\/03\/black-pearl-enfin-la-dg-digit-ouvre-le-dialogue\/\">03 mars 2016: Black Pearl &#8211; Enfin la DIGIT ouvre le dialogue<\/a><\/p>\n\n\n\n<p><a href=\"\/fr\/2016\/05\/14679\/\">04 mai 2016 : Enqu\u00eate\u2014Open Space\u2014PMO<\/a><\/p>\n\n\n\n<p><a href=\"\/fr\/2016\/10\/note-a-lattention-de-mme-veronica-gaffey-directrice-du-pmo-open-space-au-sein-de-vos-services\/\">14 octobre 2016: Note \u00e0 l&rsquo;attention de Mme Veronica Gaffey, Directrice du PMO \u00ab\u00a0OPEN SPACE\u00a0\u00bb au sein de vos services<\/a><\/p>\n\n\n\n<p><a href=\"\/?p=15030\">18 octobre 2016: Saga R\u00e9alit\u00e9 \u00ab\u00a0open space\u00a0\u00bb au JRC<\/a><\/p>\n<\/div>\n\n\n\n<div class=\"wp-block-column is-layout-flow wp-block-column-is-layout-flow\">\n<h3 class=\"wp-block-heading\">Autre documentation<\/h3>\n\n\n\n<p><a href=\"https:\/\/myintracomm.ec.europa.eu\/dg\/oib\/docref\/Documents\/mit-standard-building-specs_fr.pdf#search=manuel%20de%20l%27immeuble%20type\">Manuel des normes applicables \u00e0 l\u2019Immeuble type<\/a><\/p>\n\n\n\n<p><a href=\"https:\/\/myintracomm.ec.europa.eu\/dg\/oib\/docref\/Documents\/ec-housing-conditions-manual-part2_fr.pdf#search=manuel%20des%20conditions%20d%22h%C3%A9bergement%20partie%202\">Manuel des conditions d\u2019h\u00e9bergement des services de la Commission<\/a>\u2014Partie 2<\/p>\n<\/div>\n<\/div>\n","protected":false},"excerpt":{"rendered":"<p>D\u00e8s 2010 lorsque nous avons eu connaissance de la politique immobili\u00e8re de l\u2019OIB soi-disant \u00ab&nbsp;avant-gardiste&nbsp;\u00bb de proposer des open space&nbsp; comme des espaces de travail modernes, nous n\u2019avons cess\u00e9 de d\u00e9noncer ce projet. Etant donn\u00e9 la sensibilit\u00e9 de ce dossier et l\u2019impact de ces nouveaux espaces de travail sur le bien-\u00eatre et la sant\u00e9 du [&hellip;]<\/p>\n","protected":false},"author":19,"featured_media":0,"parent":19011,"menu_order":1,"comment_status":"closed","ping_status":"closed","template":"","meta":{"footnotes":""},"_links":{"self":[{"href":"https:\/\/renouveau-democratie.eu\/fr\/wp-json\/wp\/v2\/pages\/15004"}],"collection":[{"href":"https:\/\/renouveau-democratie.eu\/fr\/wp-json\/wp\/v2\/pages"}],"about":[{"href":"https:\/\/renouveau-democratie.eu\/fr\/wp-json\/wp\/v2\/types\/page"}],"author":[{"embeddable":true,"href":"https:\/\/renouveau-democratie.eu\/fr\/wp-json\/wp\/v2\/users\/19"}],"replies":[{"embeddable":true,"href":"https:\/\/renouveau-democratie.eu\/fr\/wp-json\/wp\/v2\/comments?post=15004"}],"version-history":[{"count":18,"href":"https:\/\/renouveau-democratie.eu\/fr\/wp-json\/wp\/v2\/pages\/15004\/revisions"}],"predecessor-version":[{"id":23618,"href":"https:\/\/renouveau-democratie.eu\/fr\/wp-json\/wp\/v2\/pages\/15004\/revisions\/23618"}],"up":[{"embeddable":true,"href":"https:\/\/renouveau-democratie.eu\/fr\/wp-json\/wp\/v2\/pages\/19011"}],"wp:attachment":[{"href":"https:\/\/renouveau-democratie.eu\/fr\/wp-json\/wp\/v2\/media?parent=15004"}],"curies":[{"name":"wp","href":"https:\/\/api.w.org\/{rel}","templated":true}]}}